{"id":1209,"date":"2019-03-19T07:58:05","date_gmt":"2019-03-19T07:58:05","guid":{"rendered":"http:\/\/perarose.com\/privacy-policy\/"},"modified":"2022-10-20T09:05:36","modified_gmt":"2022-10-20T09:05:36","slug":"aydinlatma-beyani","status":"publish","type":"page","link":"https:\/\/perarose.com\/tr\/aydinlatma-beyani\/","title":{"rendered":"Ayd\u0131nlatma Beyan\u0131"},"content":{"rendered":"\n<p><strong>WEB G\u0130ZL\u0130L\u0130K VE K\u0130\u015e\u0130SEL VER\u0130LER\u0130N KORUNMASI AYDINLATMA METN\u0130<\/strong><\/p>\n\n\n\n<p><strong>1. AMA\u00c7 VE KAPSAM<\/strong><\/p>\n\n\n\n<p>\u0130\u015fbu Gizlilik ve Ki\u015fisel Verilerin Korunmas\u0131 \u0130lkeleri (\u201c\u0130lkeler\u201d), Marpera Turizm \u0130\u015fletmecili\u011fi Tic. A.\u015e (\u201c\u015eirket\u201d yahut \u201cVeri Sorumlusu\u201d olarak an\u0131lacakt\u0131r) ki\u015fisel verilerin korunmas\u0131na ili\u015fkin kabul etti\u011fi ilkeleri d\u00fczenlemekte ve Ziyaret\u00e7i, M\u00fc\u015fteri, \u00c7al\u0131\u015fan Aday\u0131, 3. Ki\u015fi, \u00c7evrimi\u00e7i Ziyaret\u00e7i (\u201cKi\u015fi Gruplar\u0131\u201d) ait ki\u015fisel verilerin i\u015flenmesine ili\u015fkin olarak ki\u015fisel veri i\u015fleme ilkelerini belirlemekte ve s\u00f6z konusu ki\u015fi gruplar\u0131n\u0131 ayd\u0131nlatmay\u0131 hedeflemektedir.<\/p>\n\n\n\n<p><strong>2. K\u0130\u015e\u0130SEL VER\u0130LER\u0130N\u0130N \u0130\u015eLENMES\u0130NE \u0130L\u0130\u015eK\u0130N \u0130LKELER<\/strong><\/p>\n\n\n\n<p>\u015eirket olarak Veri Sorumlusu s\u0131fat\u0131 ile a\u015fa\u011f\u0131daki ilkeler \u00e7er\u00e7evesinde ki\u015fisel verilerinizi i\u015flemekteyiz.<\/p>\n\n\n\n<p><strong>2.1 Hukuka ve D\u00fcr\u00fcstl\u00fck Kural\u0131na Uygun \u0130\u015fleme<\/strong><\/p>\n\n\n\n<p>Ki\u015fisel verilerinizin i\u015flenmesinde hukuksal d\u00fczenlemelerle getirilen ilkeler ile genel g\u00fcven ve d\u00fcr\u00fcstl\u00fck kural\u0131na uygun hareket edilmektedir.<\/p>\n\n\n\n<p><strong>2.2 Ki\u015fisel Verilerin Do\u011fru ve Gerekti\u011finde G\u00fcncel Olmas\u0131n\u0131 Sa\u011flama<\/strong><\/p>\n\n\n\n<p>Me\u015fru menfaatleriniz dikkate al\u0131narak, i\u015flenen verilerin do\u011fru ve g\u00fcncel olmas\u0131 i\u00e7in d\u00f6nemsel kontrol ve g\u00fcncellemeler yap\u0131lmakta ve bu do\u011frultuda gerekli tedbirler al\u0131nmaktad\u0131r. Bu kapsamda ki\u015fisel verilerin do\u011frulu\u011funu kontrol etme ve gerekli d\u00fczeltmeleri yapmaya y\u00f6nelik sistemler \u015eirket b\u00fcnyesinde olu\u015fturulmaktad\u0131r.<\/p>\n\n\n\n<p><strong>2.3 Belirli, A\u00e7\u0131k ve Me\u015fru Ama\u00e7larla \u0130\u015fleme<\/strong><\/p>\n\n\n\n<p>Ki\u015fisel verileriniz a\u00e7\u0131k, belirli ve me\u015fru veri i\u015fleme ama\u00e7lar\u0131na dayal\u0131 olarak i\u015flenmektedir.<\/p>\n\n\n\n<p><strong>2.4 \u0130\u015flendikleri Ama\u00e7la Ba\u011flant\u0131l\u0131, S\u0131n\u0131rl\u0131 ve \u00d6l\u00e7\u00fcl\u00fc Olma<\/strong><\/p>\n\n\n\n<p>Ki\u015fisel verileriniz, \u00f6ng\u00f6r\u00fclen ama\u00e7\/ama\u00e7lar\u0131n ger\u00e7ekle\u015ftirilebilmesi i\u00e7in \u00f6l\u00e7\u00fcl\u00fc, ama\u00e7la ilintili ve s\u0131n\u0131rl\u0131 bi\u00e7imde i\u015flenmekte ve amac\u0131n ger\u00e7ekle\u015ftirilmesiyle ilgili olmayan veya ihtiya\u00e7 duyulmayan ki\u015fisel verilerin i\u015flenmesinden ka\u00e7\u0131n\u0131lmaktad\u0131r.<\/p>\n\n\n\n<p><strong>2.5 \u0130lgili Mevzuatta \u00d6ng\u00f6r\u00fclen veya \u0130\u015flendikleri Ama\u00e7 \u0130\u00e7in Gerekli Olan S\u00fcre Kadar Muhafaza Etme<\/strong><\/p>\n\n\n\n<p>Ki\u015fisel verileriniz ancak ilgili mevzuatta \u00f6ng\u00f6r\u00fclen veya i\u015flendikleri ama\u00e7 i\u00e7in gerekli olan s\u00fcre kadar muhafaza etmektedir. Bu kapsamda, \u00f6ncelikle ilgili mevzuatta ki\u015fisel verilerin saklanmas\u0131 i\u00e7in bir s\u00fcre \u00f6ng\u00f6r\u00fcl\u00fcp \u00f6ng\u00f6r\u00fclmedi\u011fi tespit edilmekte, bir s\u00fcre belirlenmi\u015fse bu s\u00fcreye uygun davran\u0131lmakta, bir s\u00fcre belirlenmemi\u015fse ki\u015fisel veriler i\u015flendikleri ama\u00e7 i\u00e7in gerekli olan s\u00fcre kadar saklanmaktad\u0131r. S\u00fcrenin bitimi veya i\u015flenmesini gerektiren sebeplerin ortadan kalkmas\u0131 halinde, daha uzun s\u00fcre i\u015flenmelerine izin veren hukuki bir sebep bulunmamas\u0131 halinde, ki\u015fisel verileriniz \u015eirketin Ki\u015fisel Verilerin Saklanmas\u0131 ve \u0130mhas\u0131 Politikas\u0131\u2019na g\u00f6re silinmekte, yok edilmekte veya anonim hale getirilmektedir.<\/p>\n\n\n\n<p><strong>3. K\u0130\u015e\u0130SEL VER\u0130LER\u0130N\u0130N \u0130\u015eLENMES\u0130 \u015eARTLARI<\/strong><\/p>\n\n\n\n<p>Ki\u015fisel verileriniz, \u015eirket taraf\u0131ndan, a\u015fa\u011f\u0131da yer alan \u015fartlar \u00e7er\u00e7evesinde i\u015flenmektedir.<\/p>\n\n\n\n<p><strong>3.1 Kanunlarda A\u00e7\u0131k\u00e7a \u00d6ng\u00f6r\u00fclmesi<\/strong><\/p>\n\n\n\n<p>Kanunlarda a\u00e7\u0131k\u00e7a ki\u015fisel veri i\u015flenmesi \u00f6ng\u00f6r\u00fcld\u00fc\u011f\u00fc hallerde, ki\u015fisel verileriniz i\u015flenebilecektir.<\/p>\n\n\n\n<p><strong>3.2 Fiili \u0130mk\u00e2ns\u0131zl\u0131k Sebebiyle \u0130lgilinin A\u00e7\u0131k R\u0131zas\u0131n\u0131n Al\u0131namamas\u0131<\/strong><\/p>\n\n\n\n<p>Fiili imk\u00e2ns\u0131zl\u0131k nedeniyle r\u0131zas\u0131n\u0131 a\u00e7\u0131klayamayacak durumda olan veya r\u0131zas\u0131na ge\u00e7erlilik tan\u0131namayacak olan ilgili ki\u015finin kendisinin ya da ba\u015fka bir ki\u015finin hayat\u0131 veya beden b\u00fct\u00fcnl\u00fc\u011f\u00fcn\u00fc korumak i\u00e7in ki\u015fisel verisinin i\u015flenmesinin zorunlu olmas\u0131 halinde ki\u015fisel verileriniz i\u015flenebilecektir.<\/p>\n\n\n\n<p><strong>3.3 S\u00f6zle\u015fmenin Kurulmas\u0131 veya \u0130fas\u0131yla Do\u011frudan \u0130lgi Olmas\u0131<\/strong><\/p>\n\n\n\n<p>S\u00f6zle\u015fmenin kurulmas\u0131 veya ifas\u0131yla do\u011frudan do\u011fruya ilgili olmas\u0131 kayd\u0131yla, s\u00f6zle\u015fmenin taraflar\u0131na ait ki\u015fisel verilerin i\u015flenmesinin gerekli olmas\u0131 halinde ki\u015fisel verileriniz i\u015flenebilecektir.<\/p>\n\n\n\n<p><strong>3.4 \u015eirketin Hukuki Y\u00fck\u00fcml\u00fcl\u00fc\u011f\u00fcn\u00fc Yerine Getirmesi<\/strong><\/p>\n\n\n\n<p>Veri sorumlusu olarak hukuki y\u00fck\u00fcml\u00fcl\u00fckleri yerine getirmek i\u00e7in i\u015flemenin zorunlu olmas\u0131 halinde ki\u015fisel verileriniz i\u015flenebilecektir.<\/p>\n\n\n\n<p><strong>3.5 Ki\u015fisel Verilerin Alenile\u015ftirilmesi<\/strong><\/p>\n\n\n\n<p>Ki\u015fisel verileriniz taraf\u0131n\u0131zca alenile\u015ftirilmi\u015f olmas\u0131 halinde, i\u015flenebilecektir.<\/p>\n\n\n\n<p><strong>3.6 Bir Hakk\u0131n Tesisi veya Korunmas\u0131 i\u00e7in Veri \u0130\u015flemenin Zorunlu Olmas\u0131<\/strong><\/p>\n\n\n\n<p>Bir hakk\u0131n tesisi, kullan\u0131lmas\u0131 veya korunmas\u0131 i\u00e7in veri i\u015flemenin zorunlu olmas\u0131 halinde ki\u015fisel verileriniz i\u015flenebilecektir.<\/p>\n\n\n\n<p><strong>3.7 Me\u015fru Menfaate Dayal\u0131 Olarak Verilerin \u0130\u015flenmesi<\/strong><\/p>\n\n\n\n<p>\u015eirketin me\u015fru menfaatleri i\u00e7in veri i\u015flemenin gerekli olmas\u0131 halinde ki\u015fisel verileriniz i\u015flenebilecektir.<\/p>\n\n\n\n<p><strong>3.8 A\u00e7\u0131k R\u0131zaya Dayal\u0131 Olarak \u0130\u015flenmesi<\/strong><\/p>\n\n\n\n<p>Ki\u015fisel verileriniz, i\u015fbu \u0130lkelerde belirtilen \u015fartlardan herhangi birine dayal\u0131 olarak i\u015flenemedi\u011fi durumlarda, a\u00e7\u0131k r\u0131zaya dayal\u0131 olarak i\u015flenmektedir.<\/p>\n\n\n\n<p><strong>4. K\u0130\u015e\u0130SEL VER\u0130LER\u0130N KATEGOR\u0130ZE ED\u0130LMES\u0130<\/strong><\/p>\n\n\n\n<figure class=\"wp-block-table\"><table><tbody><tr><td><strong>Veri Sahibi<\/strong><\/td><td><strong>Veri Kategorisi<\/strong><\/td><\/tr><tr><td><strong>M\u00fc\u015fteri<\/strong><\/td><td>Kimlik Bilgisi<\/td><\/tr><tr><td>Ara\u00e7 Bilgisi<\/td><\/tr><tr><td>Konaklama Bilgisi<\/td><\/tr><tr><td>Finansal Bilgiler<\/td><\/tr><tr><td>\u0130\u015flem G\u00fcvenli\u011fi Bilgisi<\/td><\/tr><tr><td>\u0130leti\u015fim Bilgisi<\/td><\/tr><tr><td>M\u00fc\u015fteri \u0130\u015flem Bilgileri<\/td><\/tr><tr><td>Fiziksel Mek\u00e2n G\u00fcvenli\u011fi Bilgisi<\/td><\/tr><tr><td>Hukuki \u0130\u015flem Bilgisi<\/td><\/tr><tr><td>Pazarlama Bilgisi<\/td><\/tr><tr><td>G\u00f6rsel \u0130\u015fitsel Bilgiler<\/td><\/tr><tr><td><strong>Aday M\u00fc\u015fteri<\/strong><\/td><td>Kimlik Bilgileri<\/td><\/tr><tr><td>\u0130leti\u015fim Bilgileri<\/td><\/tr><tr><td>Pazarlama Bilgileri<\/td><\/tr><tr><td>M\u00fc\u015fteri \u0130\u015flem Bilgileri<\/td><\/tr><tr><td>Fiziksel Mek\u00e2n G\u00fcvenli\u011fi Bilgisi<\/td><\/tr><tr><td>G\u00f6rsel \u0130\u015fitsel Bilgiler<\/td><\/tr><tr><td>\u0130\u015flem G\u00fcvenli\u011fi Bilgisi<\/td><\/tr><tr><td><strong>Ziyaret\u00e7i<\/strong><\/td><td>Kimlik Bilgisi<\/td><\/tr><tr><td>Fiziksel Mek\u00e2n G\u00fcvenli\u011fi Bilgisi<\/td><\/tr><tr><td>\u0130\u015flem G\u00fcvenli\u011fi<\/td><\/tr><tr><td><strong>\u00c7al\u0131\u015fan Aday\u0131<\/strong> &nbsp;<\/td><td>Kimlik Bilgileri<\/td><\/tr><tr><td>\u0130leti\u015fim Bilgileri<\/td><\/tr><tr><td>G\u00f6rsel \u0130\u015fitsel Bilgiler<\/td><\/tr><tr><td>Mesleki Deneyim Bilgileri<\/td><\/tr><tr><td>\u00d6zl\u00fck Bilgileri<\/td><\/tr><tr><td>\u0130\u015flem G\u00fcvenli\u011fi Bilgileri<\/td><\/tr><tr><td><strong>\u00dc\u00e7\u00fcnc\u00fc Ki\u015fi (\u00c7al\u0131\u015fan Aday\u0131 Referans\u0131 vb.)<\/strong><\/td><td>Kimlik Bilgileri<\/td><\/tr><tr><td>\u0130leti\u015fim Bilgileri<\/td><\/tr><tr><td>\u0130\u015flem G\u00fcvenli\u011fi Bilgileri<\/td><\/tr><tr><td><strong>\u00c7evrimi\u00e7i Ziyaret\u00e7i<\/strong><\/td><td>Kimlik Bilgisi<\/td><\/tr><tr><td>\u0130\u015flem G\u00fcvenli\u011fi Bilgisi<\/td><\/tr><\/tbody><\/table><\/figure>\n\n\n\n<ul class=\"wp-block-list\"><li><strong>K\u0130\u015e\u0130SEL VER\u0130LER\u0130N \u0130\u015eLENME AMA\u00c7LARI<\/strong><\/li><\/ul>\n\n\n\n<p>\u015eirkette, 6698 say\u0131l\u0131 Kanun\u2019un 5. maddesinde belirtilen ki\u015fisel veri i\u015fleme \u015fartlar\u0131 dahilinde ilgili ki\u015fi grubuna g\u00f6re a\u015fa\u011f\u0131daki ama\u00e7lar ile ki\u015fisel veriler i\u015flenebilmektedir.<\/p>\n\n\n\n<p><strong>5.1 M\u00dc\u015eTER\u0130<\/strong><\/p>\n\n\n\n<p>M\u00fc\u015fteri ki\u015fisel verileri, 6698 say\u0131l\u0131 Kanun\u2019un 5. maddesinde belirtilen ki\u015fisel veri i\u015fleme \u015fartlar\u0131 dahilinde, <strong>\u015firket taraf\u0131ndan sunulan \u00fcr\u00fcn ve hizmetlerden faydaland\u0131r\u0131labilmesi i\u00e7in gerekli i\u015f ve operasyonel s\u00fcre\u00e7lerinin y\u00fcr\u00fct\u00fclmesi ile s\u00f6zle\u015fmenin ifas\u0131, finans ve muhasebe i\u015flerinin takibi ile m\u00fc\u015fteri ili\u015fkileri y\u00f6netimi ve m\u00fc\u015fteri memnuniyeti aktiviteleri s\u00fcre\u00e7lerinin planlanmas\u0131 ve icras\u0131, s\u00f6zle\u015fme s\u00fcre\u00e7leri ile m\u00fc\u015fteri talep ve \u015fikayetlerinin takibi, s\u00f6zle\u015fme s\u00fcre\u00e7leri ile m\u00fc\u015fteri talep ve \u015fikayetlerinin takibi, hizmetlerin sat\u0131\u015f s\u00fcre\u00e7lerinin planlanmas\u0131 ve icras\u0131, sat\u0131\u015f sonras\u0131 destek hizmetleri aktivitelerinin planlanmas\u0131 ve icras\u0131, pazarlama s\u00fcre\u00e7lerinin y\u00fcr\u00fct\u00fclmesi, transfer s\u00fcre\u00e7lerinin planlanmas\u0131 ve icra edilmesi, bilgi g\u00fcvenli\u011fi s\u00fcre\u00e7lerinin planlanmas\u0131, alt yap\u0131s\u0131n\u0131n olu\u015fturulmas\u0131 ve y\u00f6netilmesi ile denetimi ve icras\u0131<\/strong> ama\u00e7lar\u0131yla i\u015flenebilecektir.<\/p>\n\n\n\n<p><strong>5.2 ADAY M\u00dc\u015eTER\u0130<\/strong><\/p>\n\n\n\n<p>Aday M\u00fc\u015fteri ki\u015fisel verileri, 6698 say\u0131l\u0131 Kanun\u2019un 5. maddesinde belirtilen ki\u015fisel veri i\u015fleme \u015fartlar\u0131 dahilinde, \u015eirket taraf\u0131ndan sunulan \u00fcr\u00fcn ve hizmetlerin ilgili ki\u015filerin be\u011feni, kullan\u0131m al\u0131\u015fkanl\u0131klar\u0131 ve ihtiya\u00e7lar\u0131na g\u00f6re \u00f6zelle\u015ftirilerek ilgili ki\u015filere \u00f6nerilmesi ve tan\u0131t\u0131lmas\u0131 i\u00e7in gerekli olan aktivitelerin planlanmas\u0131 ve icras\u0131, \u015eirket taraf\u0131ndan y\u00fcr\u00fct\u00fclen ticari faaliyetlerin ger\u00e7ekle\u015ftirilmesi i\u00e7in gerekli \u00e7al\u0131\u015fmalar\u0131n yap\u0131lmas\u0131 ve buna ba\u011fl\u0131 i\u015f s\u00fcre\u00e7lerinin y\u00fcr\u00fct\u00fclmesi, \u015eirket taraf\u0131ndan sunulan \u00fcr\u00fcn ve hizmetlerden faydaland\u0131rmak i\u00e7in gerekli \u00e7al\u0131\u015fmalar\u0131n ve ilgili i\u015f s\u00fcre\u00e7lerinin y\u00fcr\u00fct\u00fclmesi, \u015eirket taraf\u0131ndan sunulan \u00fcr\u00fcn ve hizmetlerin \u00f6zelle\u015ftirilerek \u00f6nerilmesi ve tan\u0131t\u0131lmas\u0131 i\u00e7in gerekli olan aktivitelerin planlanmas\u0131 ve icras\u0131, <strong>pazarlama s\u00fcre\u00e7lerinin y\u00fcr\u00fct\u00fclmesi, <\/strong>m\u00fc\u015fteri ili\u015fkileri y\u00f6netimi s\u00fcre\u00e7lerinin planlanmas\u0131 ve icras\u0131, ama\u00e7lar\u0131yla i\u015flenebilecektir.&nbsp;<\/p>\n\n\n\n<p><strong>5.3 Z\u0130YARET\u00c7\u0130<\/strong><\/p>\n\n\n\n<p>Ziyaret\u00e7i ki\u015fisel verileri, 6698 say\u0131l\u0131 Kanun\u2019un 5. maddesinde belirtilen ki\u015fisel veri i\u015fleme \u015fartlar\u0131 dahilinde, bina ve tesis yerle\u015fkeleri ve\/veya tesislerinin g\u00fcvenli\u011finin temini, ziyaret\u00e7i kay\u0131tlar\u0131n\u0131n olu\u015fturulmas\u0131 ve takibi, demirba\u015flar\u0131n\u0131n ve\/veya kaynaklar\u0131n\u0131n g\u00fcvenli\u011finin temini, teknik ve ticari i\u015f g\u00fcvenli\u011finin temini, kurum operasyonlar\u0131n\u0131n g\u00fcvenli\u011finin temini, Yetkili kurum ve kurulu\u015flara mevzuattan kaynakl\u0131 bilgi verilmesi, ama\u00e7lar\u0131yla i\u015flenebilecektir.<\/p>\n\n\n\n<p><strong>5.4 <\/strong><strong>\u00c7ALI\u015eAN ADAYI<\/strong><\/p>\n\n\n\n<p>\u00c7al\u0131\u015fan aday\u0131 ki\u015fisel verileri, 6698 say\u0131l\u0131 Kanun\u2019un 5. maddesinde belirtilen ki\u015fisel veri i\u015fleme \u015fartlar\u0131 dahilinde, insan kaynaklar\u0131 s\u00fcre\u00e7lerinin planlanmas\u0131 ve icras\u0131, \u00f6zl\u00fck faaliyetlerinin y\u00fcr\u00fct\u00fclmesi, mevzuattan kaynakl\u0131 y\u00fck\u00fcml\u00fcl\u00fcklerin yerine getirilmesi, menfaatlerin planlanmas\u0131 ve icras\u0131, personel temin s\u00fcre\u00e7lerinin y\u00fcr\u00fct\u00fclmesi, ama\u00e7lar\u0131yla i\u015flenebilecektir.<\/p>\n\n\n\n<ul class=\"wp-block-list\"><li><strong>\u00dc\u00c7\u00dcNC\u00dc K\u0130\u015e\u0130<\/strong><\/li><\/ul>\n\n\n\n<p>\u00dc\u00e7\u00fcnc\u00fc Ki\u015fi ki\u015fisel verileri, 6698 say\u0131l\u0131 Kanun\u2019un 5. maddesinde belirtilen ki\u015fisel veri i\u015fleme \u015fartlar\u0131 dahilinde, i\u015f faaliyetlerinin y\u00fcr\u00fct\u00fclmesi, ileti\u015fim faaliyetlerinin y\u00fcr\u00fct\u00fclmesi ama\u00e7lar\u0131yla i\u015flenebilecektir.<\/p>\n\n\n\n<ul class=\"wp-block-list\"><li><strong>\u00c7EVR\u0130M\u0130\u00c7\u0130 Z\u0130YARET\u00c7\u0130<\/strong><\/li><\/ul>\n\n\n\n<p>\u00c7evrimi\u00e7i Ziyaret\u00e7i ki\u015fisel verileri, 6698 say\u0131l\u0131 Kanun\u2019un 5. maddesinde belirtilen ki\u015fisel veri i\u015fleme \u015fartlar\u0131 dahilinde, pazarlama analiz \u00e7al\u0131\u015fmalar\u0131n\u0131n y\u00fcr\u00fct\u00fclmesi, reklam \/ kampanya \/ promosyon s\u00fcre\u00e7lerinin y\u00fcr\u00fct\u00fclmesi, ileti\u015fim faaliyetlerinin y\u00fcr\u00fct\u00fclmesi, \u00fcr\u00fcn ve hizmetlerin geli\u015ftirilmesi \u00e7al\u0131\u015fmalar\u0131n\u0131n y\u00fcr\u00fct\u00fclmesi, hukuki y\u00fck\u00fcml\u00fcl\u00fcklerin yerine getirilmesi ama\u00e7lar\u0131yla i\u015flenebilecektir.<\/p>\n\n\n\n<ul class=\"wp-block-list\"><li><strong>K\u0130\u015e\u0130SEL VER\u0130LER\u0130N AKTARIMI<\/strong><\/li><\/ul>\n\n\n\n<p>Ki\u015fisel verileriniz; i\u015f ortaklar\u0131m\u0131za ve bayilerimize, tedarik\u00e7ilerimize, i\u015ftiraklerimize, grup \u015firketlerimize, hukuken yetkili kamu kurumlar\u0131na ve \u00f6zel ki\u015filere, i\u015fbu \u0130lkeler 3. ve 5. Maddesinde yer verilen ilke ve ama\u00e7lar ile 6698 say\u0131l\u0131 Kanun\u2019un 8. ve 9. maddelerinde belirtilen ki\u015fisel veri i\u015fleme \u015fartlar\u0131 ve ama\u00e7lar\u0131 \u00e7er\u00e7evesinde s\u0131n\u0131rl\u0131 olarak aktar\u0131labilecektir.<\/p>\n\n\n\n<ul class=\"wp-block-list\"><li><strong>K\u0130\u015e\u0130SEL VER\u0130 TOPLAMANIN Y\u00d6NTEM\u0130 VE HUKUK\u0130 SEBEB\u0130<\/strong><\/li><\/ul>\n\n\n\n<p>\u015eirkete elektronik ortamda iletilen ki\u015fisel verileriniz ilgili ki\u015fi gruplar\u0131na g\u00f6re a\u015fa\u011f\u0131daki \u015fekilde i\u015flenmektedir.<\/p>\n\n\n\n<p><strong>7.1 M\u00dc\u015eTER\u0130<\/strong><\/p>\n\n\n\n<p>M\u00fc\u015fteri ki\u015fisel verileri, <a>6698 Say\u0131l\u0131 Kanun\u2019un 5. maddesinde yer alan, <\/a>\u201cbir s\u00f6zle\u015fmenin kurulmas\u0131 veya ifas\u0131yla do\u011frudan do\u011fruya ilgili olmas\u0131 kayd\u0131yla s\u00f6zle\u015fmenin taraflar\u0131na ait ki\u015fisel verilerin i\u015flenmesinin gerekli olmas\u0131\u201d, \u201cveri sorumlusunun hukuki y\u00fck\u00fcml\u00fcl\u00fc\u011f\u00fcn\u00fc yerine getirebilmesi i\u00e7in zorunlu olmas\u0131\u201d, \u201cilgili ki\u015finin temel hak ve \u00f6zg\u00fcrl\u00fcklerine zarar vermemek kayd\u0131yla, veri sorumlusunun me\u015fru menfaatleri i\u00e7in veri i\u015flenmesinin zorunlu olmas\u0131\u201d hukuki sebeplerine dayanarak ve a\u00e7\u0131k r\u0131zan\u0131z dahilinde, fiziki ve elektronik ortamlarda, yaz\u0131l\u0131 veya s\u00f6zl\u00fc veri aktar\u0131m ara\u00e7lar\u0131 ile veri kay\u0131t sistemini par\u00e7as\u0131 olarak bizzat ki\u015fiden yahut \u00fc\u00e7\u00fcnc\u00fc ki\u015fiden al\u0131nmak suretiyle otomatik yolla i\u015flenmektedir.<\/p>\n\n\n\n<p><strong>7.2 ADAY M\u00dc\u015eTER\u0130<\/strong><\/p>\n\n\n\n<p>Aday M\u00fc\u015fteri ki\u015fisel verileri, 6698 Say\u0131l\u0131 Kanun\u2019un 5. maddesinde yer alan \u201cilgili ki\u015finin kendisi taraf\u0131ndan alenile\u015ftirilmi\u015f olmas\u0131\u201d, \u201cilgili ki\u015finin temel hak ve \u00f6zg\u00fcrl\u00fcklerine zarar vermemek kayd\u0131yla, veri sorumlusunun me\u015fru menfaatleri i\u00e7in veri i\u015flenmesinin zorunlu olmas\u0131\u201d, \u201cveri sorumlusunun hukuki y\u00fck\u00fcml\u00fcl\u00fc\u011f\u00fcn\u00fc yerine getirebilmesi i\u00e7in zorunlu olmas\u0131\u201d hukuki sebeplerine dayanarak ve a\u00e7\u0131k r\u0131zan\u0131z dahilinde fiziki ve elektronik ortamlarda, yaz\u0131l\u0131 veya s\u00f6zl\u00fc veri aktar\u0131m ara\u00e7lar\u0131 ile veri kay\u0131t sistemini par\u00e7as\u0131 olarak bizzat ki\u015fiden yahut \u00fc\u00e7\u00fcnc\u00fc ki\u015fiden al\u0131nmak suretiyle otomatik yolla i\u015flenmektedir.<\/p>\n\n\n\n<p><strong>7.3 Z\u0130YARET\u00c7\u0130<\/strong><\/p>\n\n\n\n<p>Ziyaret\u00e7i ki\u015fisel verileri, 6698 Say\u0131l\u0131 Kanun\u2019un 5. maddesinde yer alan; \u201cveri sorumlusunun hukuki y\u00fck\u00fcml\u00fcl\u00fc\u011f\u00fcn\u00fc yerine getirebilmesi i\u00e7in zorunlu olmas\u0131\u201d ve \u201cilgili ki\u015finin temel hak ve \u00f6zg\u00fcrl\u00fcklerine zarar vermemek kayd\u0131yla, veri sorumlusunu me\u015fru menfaatleri i\u00e7in veri i\u015flenmesinin zorunlu olmas\u0131\u201d hukuki sebebine dayanarak hizmet binam\u0131z i\u00e7erisindeki giri\u015f kap\u0131lar\u0131, bina d\u0131\u015f cephesi, toplant\u0131 odalar\u0131 ve etkinlik alanlar\u0131, yemek alanlar\u0131, kafeterya, giri\u015f bekleme alan\u0131, otopark, asans\u00f6rler ve kat koridorlar\u0131 hizmet alan\u0131nda bulunan g\u00fcvenlik kameralar\u0131 vas\u0131tas\u0131yla g\u00f6r\u00fcnt\u00fcler kay\u0131t alt\u0131na al\u0131nmakta suretiyle otomatik yolla i\u015flenmektedir.<\/p>\n\n\n\n<p><strong>7.4. \u00c7ALI\u015eAN ADAYI<\/strong><\/p>\n\n\n\n<p>\u00c7al\u0131\u015fan Aday\u0131 ki\u015fisel verileri, 6698 Say\u0131l\u0131 Kanun\u2019un 5. maddesinde yer alan, kurulmas\u0131 ihtimali bulunan i\u015f s\u00f6zle\u015fmesi ba\u011flam\u0131nda \u201cbir s\u00f6zle\u015fmenin kurulmas\u0131 veya ifas\u0131yla do\u011frudan do\u011fruya ilgili olmas\u0131 kayd\u0131yla s\u00f6zle\u015fmenin taraflar\u0131na ait ki\u015fisel verilerin i\u015flenmesinin gerekli olmas\u0131\u201d, \u201cilgili ki\u015finin temel hak ve \u00f6zg\u00fcrl\u00fcklerine zarar vermemek kayd\u0131yla, veri sorumlusunun me\u015fru menfaatleri i\u00e7in veri i\u015flenmesinin zorunlu olmas\u0131\u201d hukuki sebeplerine dayanarak, elektronik ortamda ba\u015fvuru formu doldurulmak suretiyle, fiziki form doldurulmas\u0131 suretiyle, veri kay\u0131t sistemini par\u00e7as\u0131 olarak bizzat ki\u015fiden yahut \u00fc\u00e7\u00fcnc\u00fc ki\u015fiden al\u0131nmak suretiyle otomatik yolla i\u015flenmektedir.<\/p>\n\n\n\n<p><strong>7.5. \u00dc\u00c7\u00dcNC\u00dc K\u0130\u015e\u0130<\/strong><\/p>\n\n\n\n<p>\u00dc\u00e7\u00fcnc\u00fc Ki\u015fi ki\u015fisel verileri, 6698 Say\u0131l\u0131 Kanun\u2019un 5. maddesinde yer alan, \u201cilgili ki\u015finin temel hak ve \u00f6zg\u00fcrl\u00fcklerine zarar vermemek kayd\u0131yla, veri sorumlusunun me\u015fru menfaatleri i\u00e7in veri i\u015flenmesinin zorunlu olmas\u0131\u201d hukuki sebeplerine dayanarak, elektronik ortamda ba\u015fvuru formu doldurulmak suretiyle, fiziki form doldurulmas\u0131 suretiyle, veri kay\u0131t sistemini par\u00e7as\u0131 olarak bizzat ki\u015fiden yahut \u00fc\u00e7\u00fcnc\u00fc ki\u015fiden al\u0131nmak suretiyle otomatik yolla i\u015flenmektedir.<\/p>\n\n\n\n<p><strong>7.6. \u00c7EVR\u0130M\u0130\u00c7\u0130 Z\u0130YARET\u00c7\u0130<\/strong><\/p>\n\n\n\n<p>\u00c7evrimi\u00e7i Ziyaret\u00e7i, ki\u015fisel verileri, 5651 Say\u0131l\u0131 \u0130nternet Ortam\u0131nda Yap\u0131lan Yay\u0131nlar\u0131n D\u00fczenlenmesi Ve Bu Yay\u0131nlar Yoluyla \u0130\u015flenen Su\u00e7larla M\u00fccadele Edilmesi Hakk\u0131nda Kanun ve 6698 Say\u0131l\u0131 Kanun\u2019un 5. maddesinde yer alan, \u201ckanunlarda a\u00e7\u0131k\u00e7a \u00f6ng\u00f6r\u00fclmesi\u201d, \u201cilgili ki\u015finin temel hak ve \u00f6zg\u00fcrl\u00fcklerine zarar vermemek kayd\u0131yla, veri sorumlusunun me\u015fru menfaatleri i\u00e7in veri i\u015flenmesinin zorunlu olmas\u0131\u201d ve \u201cveri sorumlusunun hukuki y\u00fck\u00fcml\u00fcl\u00fc\u011f\u00fcn\u00fc yerine getirebilmesi i\u00e7in zorunlu olmas\u0131\u201d hukuki sebeplerine dayanarak otomatik yolla i\u015flenmektedir.<\/p>\n\n\n\n<ul class=\"wp-block-list\"><li><strong>K\u0130\u015e\u0130SEL VER\u0130LER\u0130N G\u00dcVENL\u0130\u011e\u0130<\/strong><\/li><\/ul>\n\n\n\n<p><strong>8.1<\/strong> <strong>Ki\u015fisel Verilerin G\u00fcvenli\u011fine Y\u00f6nelik Al\u0131nan \u0130dari Tedbirler<\/strong><\/p>\n\n\n\n<ul class=\"wp-block-list\"><li>Ki\u015fisel Veri \u0130\u015fleme Envanteri haz\u0131rlanm\u0131\u015f ve i\u015fbu envantere ili\u015fkin mevcut risk ve tehditlerin belirlenmesi i\u00e7in Risk Envanteri \u00e7\u0131kar\u0131lm\u0131\u015ft\u0131r.<\/li><li>\u00c7al\u0131\u015fanlara ki\u015fisel veri g\u00fcvenli\u011fine ili\u015fkin e\u011fitimler verilmekte ve fark\u0131ndal\u0131k \u00e7al\u0131\u015fmalar\u0131 s\u00fcre\u00e7leri y\u00fcr\u00fct\u00fclmektedir.<\/li><li>\u00c7al\u0131\u015fanlardan Gizlilik Taahh\u00fctnamesi al\u0131nmaktad\u0131r.<\/li><li>\u00c7al\u0131\u015fanlara y\u00f6nelik \u00c7al\u0131\u015fan Ki\u015fisel Verilerin Korunmas\u0131 ve \u0130\u015flenmesi Politikas\u0131 haz\u0131rlanmakta ve \u00e7al\u0131\u015fanlara imzalat\u0131lmaktad\u0131r.<\/li><li>Ki\u015fisel veri g\u00fcvenli\u011fine ili\u015fkin Kullan\u0131m ve Eri\u015fim Politikas\u0131, Saklama ve \u0130mha Politikas\u0131, Veri Koruma Politikas\u0131, WEB Gizlilik ve KVK \u0130lkeleri dok\u00fcmanlar\u0131 haz\u0131rlanmakta ve hayata ge\u00e7irilmektedir.<\/li><li>\u015eirket taraf\u0131ndan i\u015flenen ki\u015fisel veriler Kanun\u2019un 4. maddesi nezdinde d\u00fczenlenen ilkeler \u0131\u015f\u0131\u011f\u0131nda m\u00fcmk\u00fcn oldu\u011funca azalt\u0131lmaya \u00e7al\u0131\u015f\u0131lmaktad\u0131r.<\/li><li>Veri i\u015fleyen olarak s\u00f6zle\u015fme yap\u0131lan ki\u015fi ve kurumlarla ili\u015fki s\u00fcre\u00e7lerinin y\u00f6netilmesi i\u00e7in veri g\u00fcvenli\u011fine ili\u015fkin Gizlilik S\u00f6zle\u015fmesi yap\u0131lmakta ve Gizlilik Taahh\u00fctnameleri al\u0131nmaktad\u0131r.<\/li><li>Ki\u015fisel veri i\u015flemeye ba\u015flamadan \u00f6nce \u015eirket taraf\u0131ndan, ilgili ki\u015fileri ayd\u0131nlatma y\u00fck\u00fcml\u00fcl\u00fc\u011f\u00fc yerine getirilmektedir.<\/li><li>\u015eirket i\u00e7i periyodik ve rastgele denetimler yap\u0131lmakta ve denetim sonu\u00e7lar\u0131 d\u00fczeltici ve \u00f6nleyici faaliyet olarak girdi sa\u011flamaktad\u0131r. Bu sayede s\u00fcrekli iyile\u015ftirme yap\u0131larak riskler azalt\u0131lmaktad\u0131r.<\/li><\/ul>\n\n\n\n<p><strong>8.2<\/strong> <strong>Ki\u015fisel Verilerin G\u00fcvenli\u011fine Y\u00f6nelik Al\u0131nan Teknik Tedbirler<\/strong><\/p>\n\n\n\n<ul class=\"wp-block-list\"><li>A\u011f g\u00fcvenli\u011fi ve uygulama g\u00fcvenli\u011fi sa\u011flanmaktad\u0131r.<\/li><li>A\u011f yoluyla ki\u015fisel veri aktar\u0131mlar\u0131nda kapal\u0131 sistem a\u011f kullan\u0131lmaktad\u0131r.<\/li><li>Bulutta depolanan ki\u015fisel verilerin g\u00fcvenli\u011fi sa\u011flanmaktad\u0131r.<\/li><li>Eri\u015fim, bilgi g\u00fcvenli\u011fi, kullan\u0131m, saklama ve imha konular\u0131nda kurumsal politikalar haz\u0131rlanm\u0131\u015f ve uygulamaya ba\u015flanm\u0131\u015ft\u0131r.<\/li><li>G\u00f6rev de\u011fi\u015fikli\u011fi olan ya da i\u015ften ayr\u0131lan \u00e7al\u0131\u015fanlar\u0131n bu alandaki yetkileri kald\u0131r\u0131lmaktad\u0131r.<\/li><li>G\u00fcncel anti-vir\u00fcs sistemleri kullan\u0131lmaktad\u0131r.<\/li><li>G\u00fcvenlik duvarlar\u0131 kullan\u0131lmaktad\u0131r.<\/li><li>Ki\u015fisel veri g\u00fcvenli\u011fi politika ve prosed\u00fcrleri belirlenmi\u015ftir.<\/li><li>Ki\u015fisel veri g\u00fcvenli\u011fi sorunlar\u0131 h\u0131zl\u0131 bir \u015fekilde raporlanmaktad\u0131r.<\/li><li>Ki\u015fisel veri g\u00fcvenli\u011finin takibi yap\u0131lmaktad\u0131r.<\/li><li>Ki\u015fisel veri i\u00e7eren fiziksel ortamlara giri\u015f \u00e7\u0131k\u0131\u015flarla ilgili gerekli g\u00fcvenlik \u00f6nlemleri al\u0131nmaktad\u0131r.<\/li><li>Ki\u015fisel veri i\u00e7eren fiziksel ortamlar\u0131n d\u0131\u015f risklere (yang\u0131n, sel vb.) kar\u015f\u0131 g\u00fcvenli\u011fi sa\u011flanmaktad\u0131r.<\/li><li>Ki\u015fisel veri i\u00e7eren ortamlar\u0131n g\u00fcvenli\u011fi sa\u011flanmaktad\u0131r.<\/li><li>Ki\u015fisel veriler yedeklenmekte ve yedeklenen ki\u015fisel verilerin g\u00fcvenli\u011fi de sa\u011flanmaktad\u0131r.<\/li><li>Kullan\u0131c\u0131 hesap y\u00f6netimi ve yetki kontrol sistemi uygulanmakta olup bunlar\u0131n takibi de yap\u0131lmaktad\u0131r.<\/li><li>Log kay\u0131tlar\u0131 kullan\u0131c\u0131 m\u00fcdahalesi olmayacak \u015fekilde tutulmaktad\u0131r.<\/li><li>\u00d6zel nitelikli ki\u015fisel veri g\u00fcvenli\u011fine y\u00f6nelik protokol ve prosed\u00fcrler belirlenmi\u015f ve uygulanmaktad\u0131r.<\/li><li>\u00d6zel nitelikli ki\u015fisel veriler elektronik posta yoluyla g\u00f6nderilecekse mutlaka \u015fifreli olarak ve KEP veya kurumsal posta hesab\u0131 kullan\u0131larak g\u00f6nderilmektedir.<\/li><li><strong>BA\u015eVURU USUL VE ESASLARI<\/strong><\/li><\/ul>\n\n\n\n<p>\u0130lgili ki\u015fi olarak, 6698 say\u0131l\u0131 Kanun 11. maddede yer alan haklar\u0131n\u0131za ili\u015fkin bir talebiniz olmas\u0131 durumunda; web sayfam\u0131zdan temin edebilece\u011finiz Ki\u015fisel Verilerin Korunmas\u0131na \u0130li\u015fkin Ba\u015fvuru Formu\u2019nu doldurarak ve her hal\u00fckarda Veri Sorumlusuna Ba\u015fvuru Usul ve Esaslar\u0131 Hakk\u0131nda Tebli\u011f ile \u00f6ng\u00f6r\u00fclen asgari ko\u015fullar\u0131 sa\u011flayan; marpera.turizm@hs01.kep.tr KEP adresimize g\u00f6nderece\u011finiz ileti ile kvkk@marsanholding.com e-mail adresimize sistemimizde kay\u0131tl\u0131 e-posta adresinizle veya g\u00fcvenli e-imzal\u0131 olarak iletece\u011finiz ileti ile Asmal\u0131 Mescit Mahallesi Me\u015frutiyet Cadde No: 103\/ Beyo\u011flu \u0130stanbul adresimize yaz\u0131l\u0131 olarak \u015fahsen veya noter kanal\u0131 ile ba\u015fvuru ger\u00e7ekle\u015ftirebilirsiniz. Yapaca\u011f\u0131n\u0131z ba\u015fvuruyu \u015eirket olarak, talebinizin niteli\u011fine g\u00f6re en k\u0131sa s\u00fcrede ve en ge\u00e7 otuz g\u00fcn i\u00e7erisinde \u00fccretsiz olarak sonu\u00e7land\u0131raca\u011f\u0131z. Ancak, i\u015flemin ayr\u0131ca bir maliyeti gerektirmesi h\u00e2linde, \u015eirket taraf\u0131ndan Ki\u015fisel Verileri Koruma Kurulunca belirlenen tarifedeki \u00fccret al\u0131nacakt\u0131r.<\/p>\n\n\n\n<p>Bu kapsamda ilgili ki\u015fi olarak haklar\u0131n\u0131z\u0131 belirtmek isteriz ki;&nbsp;&nbsp;<\/p>\n\n\n\n<ul class=\"wp-block-list\"><li>Ki\u015fisel veri i\u015flenip i\u015flenmedi\u011fini \u00f6\u011frenme,<\/li><li>Ki\u015fisel verileri i\u015flenmi\u015fse buna ili\u015fkin bilgi talep etme,<\/li><li>Ki\u015fisel verilerin i\u015flenme amac\u0131n\u0131 ve bunlar\u0131n amac\u0131na uygun kullan\u0131l\u0131p kullan\u0131lmad\u0131\u011f\u0131n\u0131 \u00f6\u011frenme,<\/li><li>Yurt i\u00e7inde veya yurt d\u0131\u015f\u0131nda ki\u015fisel verilerin aktar\u0131ld\u0131\u011f\u0131 \u00fc\u00e7\u00fcnc\u00fc ki\u015fileri bilme,<\/li><li>Ki\u015fisel verilerin eksik veya yanl\u0131\u015f i\u015flenmi\u015f olmas\u0131 h\u00e2linde bunlar\u0131n d\u00fczeltilmesini isteme,<\/li><li>\u0130lgili mevzuatta \u00f6ng\u00f6r\u00fclen \u015fartlar \u00e7er\u00e7evesinde ki\u015fisel verilerin silinmesini veya yok edilmesini isteme,<\/li><li>Ki\u015fisel verilerin aktar\u0131ld\u0131\u011f\u0131 \u00fc\u00e7\u00fcnc\u00fc ki\u015filere bildirilmesini isteme,<\/li><li>\u0130\u015flenen verilerin m\u00fcnhas\u0131ran otomatik sistemler vas\u0131tas\u0131yla analiz edilmesi suretiyle ki\u015finin kendisi aleyhine bir sonucun ortaya \u00e7\u0131kmas\u0131na itiraz etme,<\/li><li>Ki\u015fisel verilerin kanuna ayk\u0131r\u0131 olarak i\u015flenmesi sebebiyle zarara u\u011framas\u0131 h\u00e2linde zarar\u0131n giderilmesini talep etmektir.<\/li><\/ul>\n","protected":false},"excerpt":{"rendered":"<p>WEB G\u0130ZL\u0130L\u0130K VE K\u0130\u015e\u0130SEL VER\u0130LER\u0130N KORUNMASI AYDINLATMA METN\u0130 1. AMA\u00c7 VE KAPSAM \u0130\u015fbu Gizlilik ve Ki\u015fisel Verilerin Korunmas\u0131 \u0130lkeleri (\u201c\u0130lkeler\u201d), Marpera Turizm \u0130\u015fletmecili\u011fi Tic. A.\u015e (\u201c\u015eirket\u201d yahut \u201cVeri Sorumlusu\u201d olarak an\u0131lacakt\u0131r) ki\u015fisel verilerin korunmas\u0131na ili\u015fkin kabul etti\u011fi ilkeleri d\u00fczenlemekte ve Ziyaret\u00e7i, M\u00fc\u015fteri, \u00c7al\u0131\u015fan Aday\u0131, 3. Ki\u015fi, \u00c7evrimi\u00e7i Ziyaret\u00e7i (\u201cKi\u015fi Gruplar\u0131\u201d) ait ki\u015fisel verilerin i\u015flenmesine ili\u015fkin [&hellip;]<\/p>\n","protected":false},"author":1,"featured_media":0,"parent":0,"menu_order":0,"comment_status":"closed","ping_status":"closed","template":"","meta":{"footnotes":""},"class_list":["post-1209","page","type-page","status-publish","hentry"],"yoast_head":"<!-- This site is optimized with the Yoast SEO Premium plugin v22.5 (Yoast SEO v26.6) - https:\/\/yoast.com\/wordpress\/plugins\/seo\/ -->\n<title>Ayd\u0131nlatma Beyan\u0131 - Pera Rose Hotel<\/title>\n<meta name=\"robots\" content=\"index, follow, max-snippet:-1, max-image-preview:large, max-video-preview:-1\" \/>\n<link rel=\"canonical\" href=\"https:\/\/perarose.com\/tr\/aydinlatma-beyani\/\" \/>\n<meta property=\"og:locale\" content=\"tr_TR\" \/>\n<meta property=\"og:type\" content=\"article\" \/>\n<meta property=\"og:title\" content=\"Ayd\u0131nlatma Beyan\u0131\" \/>\n<meta property=\"og:description\" content=\"WEB G\u0130ZL\u0130L\u0130K VE K\u0130\u015e\u0130SEL VER\u0130LER\u0130N KORUNMASI AYDINLATMA METN\u0130 1. AMA\u00c7 VE KAPSAM \u0130\u015fbu Gizlilik ve Ki\u015fisel Verilerin Korunmas\u0131 \u0130lkeleri (\u201c\u0130lkeler\u201d), Marpera Turizm \u0130\u015fletmecili\u011fi Tic. A.\u015e (\u201c\u015eirket\u201d yahut \u201cVeri Sorumlusu\u201d olarak an\u0131lacakt\u0131r) ki\u015fisel verilerin korunmas\u0131na ili\u015fkin kabul etti\u011fi ilkeleri d\u00fczenlemekte ve Ziyaret\u00e7i, M\u00fc\u015fteri, \u00c7al\u0131\u015fan Aday\u0131, 3. Ki\u015fi, \u00c7evrimi\u00e7i Ziyaret\u00e7i (\u201cKi\u015fi Gruplar\u0131\u201d) ait ki\u015fisel verilerin i\u015flenmesine ili\u015fkin [&hellip;]\" \/>\n<meta property=\"og:url\" content=\"https:\/\/perarose.com\/tr\/aydinlatma-beyani\/\" \/>\n<meta property=\"og:site_name\" content=\"Pera Rose Hotel\" \/>\n<meta property=\"article:modified_time\" content=\"2022-10-20T09:05:36+00:00\" \/>\n<meta name=\"twitter:card\" content=\"summary_large_image\" \/>\n<meta name=\"twitter:label1\" content=\"Tahmini okuma s\u00fcresi\" \/>\n\t<meta name=\"twitter:data1\" content=\"10 dakika\" \/>\n<script type=\"application\/ld+json\" class=\"yoast-schema-graph\">{\"@context\":\"https:\/\/schema.org\",\"@graph\":[{\"@type\":\"WebPage\",\"@id\":\"https:\/\/perarose.com\/tr\/aydinlatma-beyani\/\",\"url\":\"https:\/\/perarose.com\/tr\/aydinlatma-beyani\/\",\"name\":\"Ayd\u0131nlatma Beyan\u0131 - Pera Rose Hotel\",\"isPartOf\":{\"@id\":\"https:\/\/perarose.com\/#website\"},\"datePublished\":\"2019-03-19T07:58:05+00:00\",\"dateModified\":\"2022-10-20T09:05:36+00:00\",\"breadcrumb\":{\"@id\":\"https:\/\/perarose.com\/tr\/aydinlatma-beyani\/#breadcrumb\"},\"inLanguage\":\"tr\",\"potentialAction\":[{\"@type\":\"ReadAction\",\"target\":[\"https:\/\/perarose.com\/tr\/aydinlatma-beyani\/\"]}]},{\"@type\":\"BreadcrumbList\",\"@id\":\"https:\/\/perarose.com\/tr\/aydinlatma-beyani\/#breadcrumb\",\"itemListElement\":[{\"@type\":\"ListItem\",\"position\":1,\"name\":\"Home\",\"item\":\"https:\/\/perarose.com\/\"},{\"@type\":\"ListItem\",\"position\":2,\"name\":\"Ayd\u0131nlatma Beyan\u0131\"}]},{\"@type\":\"WebSite\",\"@id\":\"https:\/\/perarose.com\/#website\",\"url\":\"https:\/\/perarose.com\/\",\"name\":\"Pera Rose Hotel\",\"description\":\"\u0130stanbul Taksim\",\"publisher\":{\"@id\":\"https:\/\/perarose.com\/#organization\"},\"potentialAction\":[{\"@type\":\"SearchAction\",\"target\":{\"@type\":\"EntryPoint\",\"urlTemplate\":\"https:\/\/perarose.com\/?s={search_term_string}\"},\"query-input\":{\"@type\":\"PropertyValueSpecification\",\"valueRequired\":true,\"valueName\":\"search_term_string\"}}],\"inLanguage\":\"tr\"},{\"@type\":\"Organization\",\"@id\":\"https:\/\/perarose.com\/#organization\",\"name\":\"Pera Rose Hotel\",\"url\":\"https:\/\/perarose.com\/\",\"logo\":{\"@type\":\"ImageObject\",\"inLanguage\":\"tr\",\"@id\":\"https:\/\/perarose.com\/#\/schema\/logo\/image\/\",\"url\":\"https:\/\/perarose.com\/wp-content\/uploads\/2021\/07\/pera-rose-otel.png\",\"contentUrl\":\"https:\/\/perarose.com\/wp-content\/uploads\/2021\/07\/pera-rose-otel.png\",\"width\":120,\"height\":70,\"caption\":\"Pera Rose Hotel\"},\"image\":{\"@id\":\"https:\/\/perarose.com\/#\/schema\/logo\/image\/\"}}]}<\/script>\n<!-- \/ Yoast SEO Premium plugin. -->","yoast_head_json":{"title":"Ayd\u0131nlatma Beyan\u0131 - Pera Rose Hotel","robots":{"index":"index","follow":"follow","max-snippet":"max-snippet:-1","max-image-preview":"max-image-preview:large","max-video-preview":"max-video-preview:-1"},"canonical":"https:\/\/perarose.com\/tr\/aydinlatma-beyani\/","og_locale":"tr_TR","og_type":"article","og_title":"Ayd\u0131nlatma Beyan\u0131","og_description":"WEB G\u0130ZL\u0130L\u0130K VE K\u0130\u015e\u0130SEL VER\u0130LER\u0130N KORUNMASI AYDINLATMA METN\u0130 1. AMA\u00c7 VE KAPSAM \u0130\u015fbu Gizlilik ve Ki\u015fisel Verilerin Korunmas\u0131 \u0130lkeleri (\u201c\u0130lkeler\u201d), Marpera Turizm \u0130\u015fletmecili\u011fi Tic. A.\u015e (\u201c\u015eirket\u201d yahut \u201cVeri Sorumlusu\u201d olarak an\u0131lacakt\u0131r) ki\u015fisel verilerin korunmas\u0131na ili\u015fkin kabul etti\u011fi ilkeleri d\u00fczenlemekte ve Ziyaret\u00e7i, M\u00fc\u015fteri, \u00c7al\u0131\u015fan Aday\u0131, 3. Ki\u015fi, \u00c7evrimi\u00e7i Ziyaret\u00e7i (\u201cKi\u015fi Gruplar\u0131\u201d) ait ki\u015fisel verilerin i\u015flenmesine ili\u015fkin [&hellip;]","og_url":"https:\/\/perarose.com\/tr\/aydinlatma-beyani\/","og_site_name":"Pera Rose Hotel","article_modified_time":"2022-10-20T09:05:36+00:00","twitter_card":"summary_large_image","twitter_misc":{"Tahmini okuma s\u00fcresi":"10 dakika"},"schema":{"@context":"https:\/\/schema.org","@graph":[{"@type":"WebPage","@id":"https:\/\/perarose.com\/tr\/aydinlatma-beyani\/","url":"https:\/\/perarose.com\/tr\/aydinlatma-beyani\/","name":"Ayd\u0131nlatma Beyan\u0131 - Pera Rose Hotel","isPartOf":{"@id":"https:\/\/perarose.com\/#website"},"datePublished":"2019-03-19T07:58:05+00:00","dateModified":"2022-10-20T09:05:36+00:00","breadcrumb":{"@id":"https:\/\/perarose.com\/tr\/aydinlatma-beyani\/#breadcrumb"},"inLanguage":"tr","potentialAction":[{"@type":"ReadAction","target":["https:\/\/perarose.com\/tr\/aydinlatma-beyani\/"]}]},{"@type":"BreadcrumbList","@id":"https:\/\/perarose.com\/tr\/aydinlatma-beyani\/#breadcrumb","itemListElement":[{"@type":"ListItem","position":1,"name":"Home","item":"https:\/\/perarose.com\/"},{"@type":"ListItem","position":2,"name":"Ayd\u0131nlatma Beyan\u0131"}]},{"@type":"WebSite","@id":"https:\/\/perarose.com\/#website","url":"https:\/\/perarose.com\/","name":"Pera Rose Hotel","description":"\u0130stanbul Taksim","publisher":{"@id":"https:\/\/perarose.com\/#organization"},"potentialAction":[{"@type":"SearchAction","target":{"@type":"EntryPoint","urlTemplate":"https:\/\/perarose.com\/?s={search_term_string}"},"query-input":{"@type":"PropertyValueSpecification","valueRequired":true,"valueName":"search_term_string"}}],"inLanguage":"tr"},{"@type":"Organization","@id":"https:\/\/perarose.com\/#organization","name":"Pera Rose Hotel","url":"https:\/\/perarose.com\/","logo":{"@type":"ImageObject","inLanguage":"tr","@id":"https:\/\/perarose.com\/#\/schema\/logo\/image\/","url":"https:\/\/perarose.com\/wp-content\/uploads\/2021\/07\/pera-rose-otel.png","contentUrl":"https:\/\/perarose.com\/wp-content\/uploads\/2021\/07\/pera-rose-otel.png","width":120,"height":70,"caption":"Pera Rose Hotel"},"image":{"@id":"https:\/\/perarose.com\/#\/schema\/logo\/image\/"}}]}},"_links":{"self":[{"href":"https:\/\/perarose.com\/tr\/wp-json\/wp\/v2\/pages\/1209","targetHints":{"allow":["GET"]}}],"collection":[{"href":"https:\/\/perarose.com\/tr\/wp-json\/wp\/v2\/pages"}],"about":[{"href":"https:\/\/perarose.com\/tr\/wp-json\/wp\/v2\/types\/page"}],"author":[{"embeddable":true,"href":"https:\/\/perarose.com\/tr\/wp-json\/wp\/v2\/users\/1"}],"replies":[{"embeddable":true,"href":"https:\/\/perarose.com\/tr\/wp-json\/wp\/v2\/comments?post=1209"}],"version-history":[{"count":2,"href":"https:\/\/perarose.com\/tr\/wp-json\/wp\/v2\/pages\/1209\/revisions"}],"predecessor-version":[{"id":1272,"href":"https:\/\/perarose.com\/tr\/wp-json\/wp\/v2\/pages\/1209\/revisions\/1272"}],"wp:attachment":[{"href":"https:\/\/perarose.com\/tr\/wp-json\/wp\/v2\/media?parent=1209"}],"curies":[{"name":"wp","href":"https:\/\/api.w.org\/{rel}","templated":true}]}}